{"id":1490,"date":"2020-01-10T23:14:12","date_gmt":"2020-01-10T22:14:12","guid":{"rendered":"https:\/\/www.angelika-kemeter.at\/startseite\/?page_id=1490"},"modified":"2025-04-08T14:58:42","modified_gmt":"2025-04-08T12:58:42","slug":"netzwerk","status":"publish","type":"page","link":"https:\/\/www.angelika-kemeter.at\/startseite\/netzwerk\/","title":{"rendered":"Netzwerk"},"content":{"rendered":"<p>[et_pb_section fb_built=&#8221;1&#8243; fullwidth=&#8221;on&#8221; _builder_version=&#8221;4.16&#8243; border_width_all=&#8221;1px&#8221; border_color_all=&#8221;#9ac43b&#8221; border_style_all=&#8221;dotted&#8221; global_colors_info=&#8221;{}&#8221;][et_pb_fullwidth_menu menu_style=&#8221;centered&#8221; fullwidth_menu=&#8221;on&#8221; dropdown_menu_bg_color=&#8221;#FFFFFF&#8221; dropdown_menu_line_color=&#8221;#ffffff&#8221; dropdown_menu_text_color=&#8221;#6b8c2c&#8221; dropdown_menu_active_link_color=&#8221;#9ac43b&#8221; mobile_menu_bg_color=&#8221;#FFFFFF&#8221; mobile_menu_text_color=&#8221;#9ac43b&#8221; logo=&#8221;https:\/\/www.angelika-kemeter.at\/startseite\/wp-content\/uploads\/2016\/02\/Logo_Final-300&#215;110.jpg&#8221; logo_max_height=&#8221;200px&#8221; _builder_version=&#8221;4.16&#8243; menu_font=&#8221;|||on|||||&#8221; menu_text_color=&#8221;#6b8c2c&#8221; menu_font_size=&#8221;16px&#8221; custom_margin=&#8221;7px||||false|false&#8221; border_color_all=&#8221;#9ac43b&#8221; border_style_all=&#8221;dotted&#8221; global_colors_info=&#8221;{}&#8221;][\/et_pb_fullwidth_menu][\/et_pb_section][et_pb_section fb_built=&#8221;1&#8243; admin_label=&#8221;Oben&#8221; _builder_version=&#8221;4.16&#8243; background_enable_image=&#8221;off&#8221; background_size=&#8221;contain&#8221; background_position=&#8221;top_right&#8221; custom_margin=&#8221;|||&#8221; custom_padding=&#8221;0%||0%|||&#8221; border_color_all=&#8221;#9ac43c&#8221; global_colors_info=&#8221;{}&#8221;][et_pb_row _builder_version=&#8221;4.16&#8243; module_alignment=&#8221;center&#8221; custom_margin=&#8221;||||false|false&#8221; custom_padding=&#8221;18px||||false|false&#8221; global_colors_info=&#8221;{}&#8221;][et_pb_column type=&#8221;4_4&#8243; _builder_version=&#8221;4.16&#8243; custom_padding=&#8221;||||false|false&#8221; global_colors_info=&#8221;{}&#8221; custom_padding__hover=&#8221;|||&#8221;][et_pb_cta title=&#8221;Netzwerk&#8221; button_url=&#8221;#&#8221; _builder_version=&#8221;4.16&#8243; header_level=&#8221;h1&#8243; header_font=&#8221;Lato|900||on|||||&#8221; header_text_color=&#8221;#9ac43c&#8221; header_font_size=&#8221;30px&#8221; header_letter_spacing=&#8221;2px&#8221; header_line_height=&#8221;2.2em&#8221; body_font=&#8221;Lato||||||||&#8221; body_text_color=&#8221;#424242&#8243; body_font_size=&#8221;18px&#8221; body_line_height=&#8221;1.4em&#8221; use_background_color=&#8221;off&#8221; custom_button=&#8221;on&#8221; button_text_size=&#8221;16px&#8221; button_text_color=&#8221;#ffffff&#8221; button_bg_color=&#8221;#18a529&#8243; button_border_width=&#8221;6px&#8221; button_border_color=&#8221;#18a529&#8243; button_border_radius=&#8221;5px&#8221; button_letter_spacing=&#8221;2px&#8221; button_font=&#8221;Lato|900||on|||||&#8221; text_orientation=&#8221;left&#8221; module_alignment=&#8221;center&#8221; custom_margin=&#8221;||-22px||false|false&#8221; custom_padding=&#8221;||16px|||&#8221; animation_style=&#8221;fold&#8221; animation_intensity_fold=&#8221;16%&#8221; header_font_size_tablet=&#8221;30px&#8221; header_font_size_phone=&#8221;30px&#8221; header_font_size_last_edited=&#8221;on|tablet&#8221; box_shadow_style_button=&#8221;preset3&#8243; box_shadow_blur_button=&#8221;30px&#8221; box_shadow_spread_button=&#8221;8px&#8221; box_shadow_color_button=&#8221;rgba(250,127,40,0.15)&#8221; button_letter_spacing_hover=&#8221;2px&#8221; global_colors_info=&#8221;{}&#8221; button_text_size__hover_enabled=&#8221;off&#8221; button_one_text_size__hover_enabled=&#8221;off&#8221; button_two_text_size__hover_enabled=&#8221;off&#8221; button_text_color__hover_enabled=&#8221;off&#8221; button_one_text_color__hover_enabled=&#8221;off&#8221; button_two_text_color__hover_enabled=&#8221;off&#8221; button_border_width__hover_enabled=&#8221;off&#8221; button_one_border_width__hover_enabled=&#8221;off&#8221; button_two_border_width__hover_enabled=&#8221;off&#8221; button_border_color__hover_enabled=&#8221;off&#8221; button_one_border_color__hover_enabled=&#8221;off&#8221; button_two_border_color__hover_enabled=&#8221;off&#8221; button_border_radius__hover_enabled=&#8221;off&#8221; button_one_border_radius__hover_enabled=&#8221;off&#8221; button_two_border_radius__hover_enabled=&#8221;off&#8221; button_letter_spacing__hover_enabled=&#8221;on&#8221; button_letter_spacing__hover=&#8221;2px&#8221; button_one_letter_spacing__hover_enabled=&#8221;off&#8221; button_two_letter_spacing__hover_enabled=&#8221;off&#8221; button_bg_color__hover_enabled=&#8221;off&#8221; button_one_bg_color__hover_enabled=&#8221;off&#8221; button_two_bg_color__hover_enabled=&#8221;off&#8221;]<\/p>\n<p><span>Es ist mir sehr wichtig, meine Patienten in guten H\u00e4nden zu wissen\u00a0und da ich nicht alle Bereiche abdecken kann, brauche ich ein entsprechendes Netzwerk!<\/span><br \/> <span>Sind Sie versichert, alle hier genannten kenne ich pers\u00f6nlich und ich habe mich auch von ihren F\u00e4higkeiten selbst \u00fcberzeugt!<\/span><\/p>\n<p><span>Viel Erfolg beim St\u00f6bern!<\/span><\/p>\n<p>[\/et_pb_cta][\/et_pb_column][\/et_pb_row][\/et_pb_section][et_pb_section fb_built=&#8221;1&#8243; admin_label=&#8221;Oben&#8221; _builder_version=&#8221;4.16&#8243; background_color=&#8221;#f7f7f7&#8243; background_enable_image=&#8221;off&#8221; background_size=&#8221;contain&#8221; background_position=&#8221;top_right&#8221; custom_margin=&#8221;||-14px||false|false&#8221; custom_padding=&#8221;32px||4px||false|false&#8221; border_color_all=&#8221;#9ac43c&#8221; global_colors_info=&#8221;{}&#8221;][et_pb_row _builder_version=&#8221;4.16&#8243; custom_margin=&#8221;-32px|auto||auto||&#8221; global_colors_info=&#8221;{}&#8221;][et_pb_column type=&#8221;4_4&#8243; _builder_version=&#8221;4.16&#8243; global_colors_info=&#8221;{}&#8221;][et_pb_toggle title=&#8221;\u00c4rzte&#8221; open_toggle_background_color=&#8221;#ffffff&#8221; closed_toggle_text_color=&#8221;#6c8d2f&#8221; icon_color=&#8221;#be1622&#8243; use_icon_font_size=&#8221;on&#8221; icon_font_size=&#8221;20px&#8221; open_icon_color=&#8221;#be1622&#8243; open_use_icon_font_size=&#8221;on&#8221; open_icon_font_size=&#8221;20px&#8221; _builder_version=&#8221;4.16&#8243; title_text_color=&#8221;#6c8d2f&#8221; title_level=&#8221;h3&#8243; title_font=&#8221;|600||on|||||&#8221; title_font_size=&#8221;20px&#8221; body_font=&#8221;Lato||||||||&#8221; body_text_color=&#8221;#424242&#8243; body_font_size=&#8221;18px&#8221; background_color=&#8221;#ffffff&#8221; custom_margin=&#8221;11px||17px|||&#8221; border_radii=&#8221;on|6px|6px|6px|6px&#8221; border_color_all=&#8221;#6c8d2f&#8221; global_colors_info=&#8221;{}&#8221;]<\/p>\n<div id=\"cc-m-7650187481\" class=\"j-module n j-text \">\n<p><strong>Facharzt f\u00fcr Physikalische Medizin und Rehabilitation<br \/><\/strong>Prim. Univ. Prof. Dr. Michael Quittan, MSc,<br \/><a href=\"https:\/\/www.quittan.at\" target=\"_blank\" rel=\"noopener noreferrer\">www.quittan.at<\/a><\/p>\n<\/div>\n<div id=\"cc-m-7650393381\" class=\"j-module n j-hr \">\n<hr \/>\n<\/div>\n<div id=\"cc-m-7650187581\" class=\"j-module n j-text \">\n<p><strong>Praktische \u00c4rztin &amp; Lip\u00f6demspezialistin<br \/><\/strong>Dr. Sabine Maier<br \/><a href=\"https:\/\/www.sabinemaier.at\" target=\"_blank\" rel=\"noopener noreferrer\">www.sabinemaier.at<\/a><\/p>\n<hr \/>\n<p><strong>Facharzt f\u00fcr Gyn\u00e4kologie (Brustkrebsspezialist)<br \/><\/strong>Dr. Herrmann Ogris<br \/><a href=\"https:\/\/www.quittan.at\" target=\"_blank\" rel=\"noopener noreferrer\">www.drogris.at<\/a><\/p>\n<\/div>\n<p>[\/et_pb_toggle][et_pb_toggle title=&#8221;Physiotherapie\/Osteopathie&#8221; open_toggle_background_color=&#8221;#ffffff&#8221; closed_toggle_text_color=&#8221;#6c8d2f&#8221; icon_color=&#8221;#be1622&#8243; use_icon_font_size=&#8221;on&#8221; icon_font_size=&#8221;20px&#8221; open_icon_color=&#8221;#be1622&#8243; open_use_icon_font_size=&#8221;on&#8221; open_icon_font_size=&#8221;20px&#8221; _builder_version=&#8221;4.16&#8243; title_text_color=&#8221;#6c8d2f&#8221; title_level=&#8221;h3&#8243; title_font=&#8221;|600||on|||||&#8221; title_font_size=&#8221;20px&#8221; body_font=&#8221;Lato||||||||&#8221; body_text_color=&#8221;#424242&#8243; body_font_size=&#8221;18px&#8221; background_color=&#8221;#ffffff&#8221; custom_margin=&#8221;11px||17px|||&#8221; border_radii=&#8221;on|6px|6px|6px|6px&#8221; border_color_all=&#8221;#6c8d2f&#8221; global_colors_info=&#8221;{}&#8221;]<\/p>\n<div id=\"cc-m-7650188381\" class=\"j-module n j-text \">\n<p><strong>Physiotherapie<br \/><\/strong>Sara M\u00fcllauer<br \/><a href=\"https:\/\/www.muellauer.wien\" target=\"_blank\" rel=\"noopener noreferrer\">www.muellauer.wien<\/a><\/p>\n<\/div>\n<div id=\"cc-m-7650191281\" class=\"j-module n j-hr \">\n<hr \/>\n<\/div>\n<div id=\"cc-m-7650188881\" class=\"j-module n j-text \">\n<p><strong>Physiotherapie\/Osteopathie<br \/><\/strong>Lena Pleterski, BSc<br \/><a href=\"https:\/\/www.ps-physio.at\/#lena\" target=\"_blank\" rel=\"noopener noreferrer\">www.praxissimmering.at<\/a><\/p>\n<\/div>\n<div id=\"cc-m-7650191181\" class=\"j-module n j-hr \">\n<hr \/>\n<\/div>\n<div id=\"cc-m-7650190181\" class=\"j-module n j-text \">\n<p><strong>Physiotherapie\/Osteopathie<br \/><\/strong>Stefan Gieber<br \/><a href=\"https:\/\/www.ortho-mariahilf.at\/therapeuten\/stefan-gieber\/\" target=\"_blank\" rel=\"noopener noreferrer\">www.ortho-mariahilf.at\/therapeuten\/stefan-gieber\/<\/a><\/p>\n<\/div>\n<div id=\"cc-m-7650191481\" class=\"j-module n j-hr \">\n<hr \/>\n<\/div>\n<div id=\"cc-m-7650190881\" class=\"j-module n j-text \">\n<p><strong>Physiotherapie\/Osteopathie\/Podotherapie<br \/><\/strong>Matthias Pakosta<br \/><a href=\"https:\/\/www.sportordination.com\/team\/matthias-pakosta\/\" target=\"_blank\" rel=\"noopener noreferrer\">www.sportordination.com\/team\/matthias-pakosta\/<\/a><\/p>\n<\/div>\n<p>[\/et_pb_toggle][et_pb_toggle title=&#8221;Klangschalenmassage\/Kinesiologie\/Cranio Sacral Behandlung&#8221; open_toggle_background_color=&#8221;#ffffff&#8221; closed_toggle_text_color=&#8221;#6c8d2f&#8221; icon_color=&#8221;#be1622&#8243; use_icon_font_size=&#8221;on&#8221; icon_font_size=&#8221;20px&#8221; open_icon_color=&#8221;#be1622&#8243; open_use_icon_font_size=&#8221;on&#8221; open_icon_font_size=&#8221;20px&#8221; _builder_version=&#8221;4.16&#8243; title_text_color=&#8221;#6c8d2f&#8221; title_level=&#8221;h3&#8243; title_font=&#8221;|600||on|||||&#8221; title_font_size=&#8221;20px&#8221; body_font=&#8221;Lato||||||||&#8221; body_text_color=&#8221;#424242&#8243; body_font_size=&#8221;18px&#8221; background_color=&#8221;#ffffff&#8221; custom_margin=&#8221;11px||17px|||&#8221; border_radii=&#8221;on|6px|6px|6px|6px&#8221; border_color_all=&#8221;#6c8d2f&#8221; global_colors_info=&#8221;{}&#8221;]<\/p>\n<div id=\"cc-m-7650206381\" class=\"j-module n j-text \">\n<p><strong>Klangschalenmassage\/Kinesiologie\/Cranio Sacral Behandlung<br \/> <\/strong>Barbara Peer<br \/> <a href=\"https:\/\/wwww.balanceinpeerfection.at\" target=\"_blank\" rel=\"noopener noreferrer\">www.balanceinpeerfection.at<\/a><\/p>\n<\/div>\n<div id=\"cc-m-7650206681\" class=\"j-module n j-hr \">\n<hr \/>\n<\/div>\n<div id=\"cc-m-7650206581\" class=\"j-module n j-text \">\n<p><strong>Klangschalenmassage\/<br \/> <\/strong>Monika Valla<br \/> Tel.:<\/p>\n<\/div>\n<p>[\/et_pb_toggle][et_pb_toggle title=&#8221;Kinesiologie\/Aufstellungsarbeit\/Access Bars&#8221; open_toggle_background_color=&#8221;#ffffff&#8221; closed_toggle_text_color=&#8221;#6c8d2f&#8221; icon_color=&#8221;#be1622&#8243; use_icon_font_size=&#8221;on&#8221; icon_font_size=&#8221;20px&#8221; open_icon_color=&#8221;#be1622&#8243; open_use_icon_font_size=&#8221;on&#8221; open_icon_font_size=&#8221;20px&#8221; _builder_version=&#8221;4.16&#8243; title_text_color=&#8221;#6c8d2f&#8221; title_level=&#8221;h3&#8243; title_font=&#8221;|600||on|||||&#8221; title_font_size=&#8221;20px&#8221; body_font=&#8221;Lato||||||||&#8221; body_text_color=&#8221;#424242&#8243; body_font_size=&#8221;18px&#8221; background_color=&#8221;#ffffff&#8221; custom_margin=&#8221;11px||17px|||&#8221; border_radii=&#8221;on|6px|6px|6px|6px&#8221; border_color_all=&#8221;#6c8d2f&#8221; global_colors_info=&#8221;{}&#8221;]<\/p>\n<div id=\"cc-m-7650204081\" class=\"j-module n j-text \">\n<p><span><strong>Kinesiologie<br \/> <\/strong><\/span><span>Mag. Heike Eberhart-Hirschmann<br \/> <\/span><a href=\"https:\/\/www.heike-eberhart.at\" target=\"_blank\" rel=\"noopener noreferrer\"><span>www.heike-eberhart.at<\/span><\/a><\/p>\n<\/div>\n<div id=\"cc-m-7650205081\" class=\"j-module n j-hr \">\n<hr \/>\n<\/div>\n<div id=\"cc-m-7650204381\" class=\"j-module n j-text \">\n<p><span><strong>Kinesiologie\/Aufstellungsarbeit\/Access Bars<br \/> <\/strong><\/span><span mce-data-marked=\"1\">Stanka Trivanovic<br \/> <\/span><a href=\"https:\/\/www.daslebenist.at\" target=\"_blank\" rel=\"noopener noreferrer\"><span>www.daslebenist.at<\/span><\/a><\/p>\n<\/div>\n<div id=\"cc-m-7650205181\" class=\"j-module n j-hr \">\n<hr \/>\n<\/div>\n<div id=\"cc-m-7650204781\" class=\"j-module n j-text \">\n<p><span><strong>Kinesiologie\/Aufstellungsarbeit\/Access Bars<br \/> <\/strong><\/span><span>Mag. Claudia Schwab-Eckl<br \/> <\/span><a href=\"https:\/\/www.suvasun.at\/\" target=\"_blank\" rel=\"noopener noreferrer\">www.suvasun.at<\/a><\/p>\n<\/div>\n<p>[\/et_pb_toggle][et_pb_toggle title=&#8221;Fotografie&#8221; open_toggle_background_color=&#8221;#ffffff&#8221; closed_toggle_text_color=&#8221;#6c8d2f&#8221; icon_color=&#8221;#be1622&#8243; use_icon_font_size=&#8221;on&#8221; icon_font_size=&#8221;20px&#8221; open_icon_color=&#8221;#be1622&#8243; open_use_icon_font_size=&#8221;on&#8221; open_icon_font_size=&#8221;20px&#8221; _builder_version=&#8221;4.16&#8243; title_text_color=&#8221;#6c8d2f&#8221; title_level=&#8221;h3&#8243; title_font=&#8221;|600||on|||||&#8221; title_font_size=&#8221;20px&#8221; body_font=&#8221;Lato||||||||&#8221; body_text_color=&#8221;#424242&#8243; body_font_size=&#8221;18px&#8221; background_color=&#8221;#ffffff&#8221; custom_margin=&#8221;11px||17px|||&#8221; border_radii=&#8221;on|6px|6px|6px|6px&#8221; border_color_all=&#8221;#6c8d2f&#8221; global_colors_info=&#8221;{}&#8221;]<\/p>\n<div id=\"cc-m-7650205281\" class=\"j-module n j-text \">\n<p><strong>Fotografie<br \/> <\/strong>Andrea Sojka<br \/> <a href=\"https:\/\/www.andreasojka.com\" target=\"_blank\" rel=\"noopener noreferrer\">www.andreasojka.com<\/a><\/p>\n<\/div>\n<div id=\"cc-m-7650205581\" class=\"j-module n j-hr \">\n<hr \/>\n<\/div>\n<div id=\"cc-m-7650205481\" class=\"j-module n j-text \">\n<p><strong>Fotografie<br \/> <\/strong>Suzy St\u00f6ckl<br \/> <a href=\"https:\/\/www.suzystoeckl.com\" target=\"_blank\" rel=\"noopener noreferrer\">www.suzystoeckl.com<\/a><\/p>\n<\/div>\n<p>[\/et_pb_toggle][et_pb_toggle title=&#8221;Psychotherapie&#8221; open_toggle_background_color=&#8221;#ffffff&#8221; closed_toggle_text_color=&#8221;#6c8d2f&#8221; icon_color=&#8221;#be1622&#8243; use_icon_font_size=&#8221;on&#8221; icon_font_size=&#8221;20px&#8221; open_icon_color=&#8221;#be1622&#8243; open_use_icon_font_size=&#8221;on&#8221; open_icon_font_size=&#8221;20px&#8221; _builder_version=&#8221;4.16&#8243; title_text_color=&#8221;#6c8d2f&#8221; title_level=&#8221;h3&#8243; title_font=&#8221;|600||on|||||&#8221; title_font_size=&#8221;20px&#8221; body_font=&#8221;Lato||||||||&#8221; body_text_color=&#8221;#424242&#8243; body_font_size=&#8221;18px&#8221; background_color=&#8221;#ffffff&#8221; custom_margin=&#8221;11px||17px|||&#8221; border_radii=&#8221;on|6px|6px|6px|6px&#8221; border_color_all=&#8221;#6c8d2f&#8221; global_colors_info=&#8221;{}&#8221;]<\/p>\n<div id=\"cc-m-7650205281\" class=\"j-module n j-text \">\n<p><strong>Psychotherapie<br \/><\/strong>Katja Vlcek<br \/><a href=\"https:\/\/www.starkeaugen.at\" target=\"_blank\" rel=\"noopener noreferrer\">www.starkeaugen.at<\/a><\/p>\n<\/div>\n<div id=\"cc-m-7650205481\" class=\"j-module n j-text \">\n<p>&nbsp;<\/p>\n<\/div>\n<p>[\/et_pb_toggle][et_pb_toggle title=&#8221;Ern\u00e4hrungspsychologie&#8221; open_toggle_background_color=&#8221;#ffffff&#8221; closed_toggle_text_color=&#8221;#6c8d2f&#8221; icon_color=&#8221;#be1622&#8243; use_icon_font_size=&#8221;on&#8221; icon_font_size=&#8221;20px&#8221; open_icon_color=&#8221;#be1622&#8243; open_use_icon_font_size=&#8221;on&#8221; open_icon_font_size=&#8221;20px&#8221; _builder_version=&#8221;4.16&#8243; title_text_color=&#8221;#6c8d2f&#8221; title_level=&#8221;h3&#8243; title_font=&#8221;|600||on|||||&#8221; title_font_size=&#8221;20px&#8221; body_font=&#8221;Lato||||||||&#8221; body_text_color=&#8221;#424242&#8243; body_font_size=&#8221;18px&#8221; background_color=&#8221;#ffffff&#8221; custom_margin=&#8221;11px||17px|||&#8221; border_radii=&#8221;on|6px|6px|6px|6px&#8221; border_color_all=&#8221;#6c8d2f&#8221; global_colors_info=&#8221;{}&#8221;]<\/p>\n<div id=\"cc-m-7650205281\" class=\"j-module n j-text \">\n<p><strong>Ern\u00e4hrungspsychologie &amp; LSB<br \/><\/strong>Julia Nittmann<br \/><a href=\"https:\/\/www.andreasojka.com\" target=\"_blank\" rel=\"noopener noreferrer\">https:\/\/lachmal.at<\/a><\/p>\n<\/div>\n<div id=\"cc-m-7650205481\" class=\"j-module n j-text \">\n<p>&nbsp;<\/p>\n<\/div>\n<p>[\/et_pb_toggle][et_pb_toggle title=&#8221;TCM ern\u00e4hrungsberatung&#8221; open_toggle_background_color=&#8221;#ffffff&#8221; closed_toggle_text_color=&#8221;#6c8d2f&#8221; icon_color=&#8221;#be1622&#8243; use_icon_font_size=&#8221;on&#8221; icon_font_size=&#8221;20px&#8221; open_icon_color=&#8221;#be1622&#8243; open_use_icon_font_size=&#8221;on&#8221; open_icon_font_size=&#8221;20px&#8221; _builder_version=&#8221;4.16&#8243; title_text_color=&#8221;#6c8d2f&#8221; title_level=&#8221;h3&#8243; title_font=&#8221;|600||on|||||&#8221; title_font_size=&#8221;20px&#8221; body_font=&#8221;Lato||||||||&#8221; body_text_color=&#8221;#424242&#8243; body_font_size=&#8221;18px&#8221; background_color=&#8221;#ffffff&#8221; custom_margin=&#8221;11px||17px|||&#8221; border_radii=&#8221;on|6px|6px|6px|6px&#8221; border_color_all=&#8221;#6c8d2f&#8221; global_colors_info=&#8221;{}&#8221;]<\/p>\n<div id=\"cc-m-7650205281\" class=\"j-module n j-text \">\n<blockquote>\n<p><strong>TCM Ern\u00e4hrungsberatung<br \/><\/strong>Manuela Scheu<br \/><a href=\"https:\/\/www.derwegzurmitte.at\" target=\"_blank\" rel=\"noopener noreferrer\">www.derwegzurmitte.at<\/a><\/p>\n<\/blockquote>\n<\/div>\n<div id=\"cc-m-7650205481\" class=\"j-module n j-text \">\n<p>&nbsp;<\/p>\n<\/div>\n<p>[\/et_pb_toggle][\/et_pb_column][\/et_pb_row][\/et_pb_section][et_pb_section fb_built=&#8221;1&#8243; fullwidth=&#8221;on&#8221; _builder_version=&#8221;4.16&#8243; width=&#8221;100%&#8221; max_width=&#8221;100%&#8221; module_alignment=&#8221;center&#8221; custom_margin=&#8221;11px||||false|false&#8221; custom_padding=&#8221;10px|10px|10px|10px|false|false&#8221; border_color_all=&#8221;#9ac43b&#8221; border_width_top=&#8221;3px&#8221; border_width_right=&#8221;0px&#8221; border_width_bottom=&#8221;11px&#8221; border_width_left=&#8221;0px&#8221; global_colors_info=&#8221;{}&#8221;][et_pb_fullwidth_menu menu_id=&#8221;10&#8243; submenu_direction=&#8221;upwards&#8221; fullwidth_menu=&#8221;on&#8221; dropdown_menu_bg_color=&#8221;#FFFFFF&#8221; dropdown_menu_line_color=&#8221;#ffffff&#8221; dropdown_menu_text_color=&#8221;#6b8c2c&#8221; dropdown_menu_active_link_color=&#8221;#9ac43b&#8221; mobile_menu_bg_color=&#8221;#FFFFFF&#8221; mobile_menu_text_color=&#8221;#9ac43b&#8221; logo=&#8221;https:\/\/www.angelika-kemeter.at\/startseite\/wp-content\/uploads\/2016\/02\/Logo_Final-300&#215;110.jpg&#8221; _builder_version=&#8221;4.16&#8243; menu_font=&#8221;|||on|||||&#8221; menu_text_color=&#8221;#6b8c2c&#8221; menu_font_size=&#8221;16px&#8221; text_orientation=&#8221;right&#8221; border_color_all=&#8221;#9ac43b&#8221; border_style_all=&#8221;dotted&#8221; global_colors_info=&#8221;{}&#8221;][\/et_pb_fullwidth_menu][\/et_pb_section]<\/p>\n","protected":false},"excerpt":{"rendered":"<p>Es ist mir sehr wichtig, meine Patienten in guten H\u00e4nden zu wissen\u00a0und da ich nicht alle Bereiche abdecken kann, brauche ich ein entsprechendes Netzwerk! Sind Sie versichert, alle hier genannten kenne ich pers\u00f6nlich und ich habe mich auch von ihren F\u00e4higkeiten selbst \u00fcberzeugt! Viel Erfolg beim St\u00f6bern! Facharzt f\u00fcr Physikalische Medizin und RehabilitationPrim. Univ. Prof. [&hellip;]<\/p>\n","protected":false},"author":2,"featured_media":0,"parent":0,"menu_order":0,"comment_status":"closed","ping_status":"closed","template":"page-template-blank.php","meta":{"_et_pb_use_builder":"on","_et_pb_old_content":"","_et_gb_content_width":"","footnotes":"","_links_to":"","_links_to_target":""},"yoast_head":"<!-- This site is optimized with the Yoast SEO plugin v24.5 - https:\/\/yoast.com\/wordpress\/plugins\/seo\/ -->\n<title>Netzwerk - Angelika Kemeter Heilmassage und Therapie<\/title>\n<meta name=\"robots\" content=\"index, follow, max-snippet:-1, max-image-preview:large, max-video-preview:-1\" \/>\n<link rel=\"canonical\" href=\"https:\/\/www.angelika-kemeter.at\/startseite\/netzwerk\/\" \/>\n<meta property=\"og:locale\" content=\"en_US\" \/>\n<meta property=\"og:type\" content=\"article\" \/>\n<meta property=\"og:title\" content=\"Netzwerk - Angelika Kemeter Heilmassage und Therapie\" \/>\n<meta property=\"og:description\" content=\"Es ist mir sehr wichtig, meine Patienten in guten H\u00e4nden zu wissen\u00a0und da ich nicht alle Bereiche abdecken kann, brauche ich ein entsprechendes Netzwerk! Sind Sie versichert, alle hier genannten kenne ich pers\u00f6nlich und ich habe mich auch von ihren F\u00e4higkeiten selbst \u00fcberzeugt! Viel Erfolg beim St\u00f6bern! Facharzt f\u00fcr Physikalische Medizin und RehabilitationPrim. Univ. Prof. [&hellip;]\" \/>\n<meta property=\"og:url\" content=\"https:\/\/www.angelika-kemeter.at\/startseite\/netzwerk\/\" \/>\n<meta property=\"og:site_name\" content=\"Angelika Kemeter Heilmassage und Therapie\" \/>\n<meta property=\"article:publisher\" content=\"https:\/\/www.facebook.com\/AngelikaKemeter\/\" \/>\n<meta property=\"article:modified_time\" content=\"2025-04-08T12:58:42+00:00\" \/>\n<meta name=\"twitter:card\" content=\"summary_large_image\" \/>\n<meta name=\"twitter:label1\" content=\"Est. reading time\" \/>\n\t<meta name=\"twitter:data1\" content=\"9 minutes\" \/>\n<script type=\"application\/ld+json\" class=\"yoast-schema-graph\">{\"@context\":\"https:\/\/schema.org\",\"@graph\":[{\"@type\":\"WebPage\",\"@id\":\"https:\/\/www.angelika-kemeter.at\/startseite\/netzwerk\/\",\"url\":\"https:\/\/www.angelika-kemeter.at\/startseite\/netzwerk\/\",\"name\":\"Netzwerk - Angelika Kemeter Heilmassage und Therapie\",\"isPartOf\":{\"@id\":\"https:\/\/www.angelika-kemeter.at\/startseite\/#website\"},\"datePublished\":\"2020-01-10T22:14:12+00:00\",\"dateModified\":\"2025-04-08T12:58:42+00:00\",\"breadcrumb\":{\"@id\":\"https:\/\/www.angelika-kemeter.at\/startseite\/netzwerk\/#breadcrumb\"},\"inLanguage\":\"en-US\",\"potentialAction\":[{\"@type\":\"ReadAction\",\"target\":[\"https:\/\/www.angelika-kemeter.at\/startseite\/netzwerk\/\"]}]},{\"@type\":\"BreadcrumbList\",\"@id\":\"https:\/\/www.angelika-kemeter.at\/startseite\/netzwerk\/#breadcrumb\",\"itemListElement\":[{\"@type\":\"ListItem\",\"position\":1,\"name\":\"Home\",\"item\":\"https:\/\/www.angelika-kemeter.at\/startseite\/\"},{\"@type\":\"ListItem\",\"position\":2,\"name\":\"Netzwerk\"}]},{\"@type\":\"WebSite\",\"@id\":\"https:\/\/www.angelika-kemeter.at\/startseite\/#website\",\"url\":\"https:\/\/www.angelika-kemeter.at\/startseite\/\",\"name\":\"Angelika Kemeter Heilmassage und Therapie\",\"description\":\"Heilmassage  Gewerbliche Massage Cranio Sakrale Therapie\",\"potentialAction\":[{\"@type\":\"SearchAction\",\"target\":{\"@type\":\"EntryPoint\",\"urlTemplate\":\"https:\/\/www.angelika-kemeter.at\/startseite\/?s={search_term_string}\"},\"query-input\":{\"@type\":\"PropertyValueSpecification\",\"valueRequired\":true,\"valueName\":\"search_term_string\"}}],\"inLanguage\":\"en-US\"}]}<\/script>\n<!-- \/ Yoast SEO plugin. -->","yoast_head_json":{"title":"Netzwerk - Angelika Kemeter Heilmassage und Therapie","robots":{"index":"index","follow":"follow","max-snippet":"max-snippet:-1","max-image-preview":"max-image-preview:large","max-video-preview":"max-video-preview:-1"},"canonical":"https:\/\/www.angelika-kemeter.at\/startseite\/netzwerk\/","og_locale":"en_US","og_type":"article","og_title":"Netzwerk - Angelika Kemeter Heilmassage und Therapie","og_description":"Es ist mir sehr wichtig, meine Patienten in guten H\u00e4nden zu wissen\u00a0und da ich nicht alle Bereiche abdecken kann, brauche ich ein entsprechendes Netzwerk! Sind Sie versichert, alle hier genannten kenne ich pers\u00f6nlich und ich habe mich auch von ihren F\u00e4higkeiten selbst \u00fcberzeugt! Viel Erfolg beim St\u00f6bern! Facharzt f\u00fcr Physikalische Medizin und RehabilitationPrim. Univ. Prof. [&hellip;]","og_url":"https:\/\/www.angelika-kemeter.at\/startseite\/netzwerk\/","og_site_name":"Angelika Kemeter Heilmassage und Therapie","article_publisher":"https:\/\/www.facebook.com\/AngelikaKemeter\/","article_modified_time":"2025-04-08T12:58:42+00:00","twitter_card":"summary_large_image","twitter_misc":{"Est. reading time":"9 minutes"},"schema":{"@context":"https:\/\/schema.org","@graph":[{"@type":"WebPage","@id":"https:\/\/www.angelika-kemeter.at\/startseite\/netzwerk\/","url":"https:\/\/www.angelika-kemeter.at\/startseite\/netzwerk\/","name":"Netzwerk - Angelika Kemeter Heilmassage und Therapie","isPartOf":{"@id":"https:\/\/www.angelika-kemeter.at\/startseite\/#website"},"datePublished":"2020-01-10T22:14:12+00:00","dateModified":"2025-04-08T12:58:42+00:00","breadcrumb":{"@id":"https:\/\/www.angelika-kemeter.at\/startseite\/netzwerk\/#breadcrumb"},"inLanguage":"en-US","potentialAction":[{"@type":"ReadAction","target":["https:\/\/www.angelika-kemeter.at\/startseite\/netzwerk\/"]}]},{"@type":"BreadcrumbList","@id":"https:\/\/www.angelika-kemeter.at\/startseite\/netzwerk\/#breadcrumb","itemListElement":[{"@type":"ListItem","position":1,"name":"Home","item":"https:\/\/www.angelika-kemeter.at\/startseite\/"},{"@type":"ListItem","position":2,"name":"Netzwerk"}]},{"@type":"WebSite","@id":"https:\/\/www.angelika-kemeter.at\/startseite\/#website","url":"https:\/\/www.angelika-kemeter.at\/startseite\/","name":"Angelika Kemeter Heilmassage und Therapie","description":"Heilmassage  Gewerbliche Massage Cranio Sakrale Therapie","potentialAction":[{"@type":"SearchAction","target":{"@type":"EntryPoint","urlTemplate":"https:\/\/www.angelika-kemeter.at\/startseite\/?s={search_term_string}"},"query-input":{"@type":"PropertyValueSpecification","valueRequired":true,"valueName":"search_term_string"}}],"inLanguage":"en-US"}]}},"_links":{"self":[{"href":"https:\/\/www.angelika-kemeter.at\/startseite\/wp-json\/wp\/v2\/pages\/1490"}],"collection":[{"href":"https:\/\/www.angelika-kemeter.at\/startseite\/wp-json\/wp\/v2\/pages"}],"about":[{"href":"https:\/\/www.angelika-kemeter.at\/startseite\/wp-json\/wp\/v2\/types\/page"}],"author":[{"embeddable":true,"href":"https:\/\/www.angelika-kemeter.at\/startseite\/wp-json\/wp\/v2\/users\/2"}],"replies":[{"embeddable":true,"href":"https:\/\/www.angelika-kemeter.at\/startseite\/wp-json\/wp\/v2\/comments?post=1490"}],"version-history":[{"count":0,"href":"https:\/\/www.angelika-kemeter.at\/startseite\/wp-json\/wp\/v2\/pages\/1490\/revisions"}],"wp:attachment":[{"href":"https:\/\/www.angelika-kemeter.at\/startseite\/wp-json\/wp\/v2\/media?parent=1490"}],"curies":[{"name":"wp","href":"https:\/\/api.w.org\/{rel}","templated":true}]}}